{"id":1825248,"date":"2020-03-17T08:13:56","date_gmt":"2020-03-17T08:13:56","guid":{"rendered":"https:\/\/www.vipemlak.com\/konut\/erdemli-arpacbahsis-yildiz-tasi-sitesinde-denize-sifir-satilik-daire\/"},"modified":"2020-03-17T08:13:56","modified_gmt":"2020-03-17T08:13:56","slug":"shadow-erdemli-arpacbahsis-yildiz-tasi-sitesinde-denize-sifir-satilik-daire","status":"publish","type":"property","link":"https:\/\/www.vipemlak.com\/de\/konut\/satilik-daireler\/erdemli-arpacbahsis-yildiz-tasi-sitesinde-denize-sifir-satilik-daire\/","title":{"rendered":"Wohnung zum Verkauf am Meer in Erdemli Arpa\u00e7bah\u015fi\u015f Y\u0131ld\u0131z Steinkomplex"},"content":{"rendered":"<p>Wohnung zum Verkauf am Meer in Erdemli Arpa\u00e7bah\u015fi\u015f Y\u0131ld\u0131z Steinkomplex<\/p>\n<p>YILDIZ STONE SITE IN DER ERDEML\u0130 ARPA\u00c7BAH\u015e\u0130\u015e LAGE IST EINES DER ZONE SEA ZERO PROJEKTE DER REGION.<\/p>\n<p>DIE YILDIZ STONE SITE HAT OFFIZIELLEN PARKPLATZ UND WIDE LANDSCAPE.<\/p>\n<p>DER STRAND VON ARPA\u00c7PAH\u015e\u0130\u015e YILDIZ STONE SITE HAT KUMUL BEACH.<\/p>\n<p>YILDIZ STONE STANDORT UM EINEN MARKT, EINEN OFEN UND VIELE GESCH\u00c4FTE.<\/p>\n<p>WENN SIE DEN SOMMER IN EINER NULLWOHNUNG IM MEER GENIESSEN WOLLEN.<\/p>\n<p>Bitte kontaktieren Sie uns f\u00fcr detaillierte Informationen.<\/p>\n<p>MERS\u0130N ERDEML\u0130 V\u0130P GAYR\u0130MENKUL<\/p>\n","protected":false},"excerpt":{"rendered":"<p>Wohnung zum Verkauf am Meer in Erdemli Arpa\u00e7bah\u015fi\u015f Y\u0131ld\u0131z Steinkomplex YILDIZ STONE SITE IN DER ERDEML\u0130 ARPA\u00c7BAH\u015e\u0130\u015e LAGE IST EINES DER ZONE SEA ZERO PROJEKTE DER REGION. DIE YILDIZ STONE SITE HAT OFFIZIELLEN PARKPLATZ UND WIDE LANDSCAPE. DER STRAND VON ARPA\u00c7PAH\u015e\u0130\u015e YILDIZ STONE SITE HAT KUMUL BEACH. YILDIZ STONE STANDORT UM EINEN MARKT, EINEN OFEN [&hellip;]<\/p>\n","protected":false},"author":28,"featured_media":50495,"parent":0,"menu_order":0,"template":"","property_type":[663],"property_status":[651],"property_feature":[2018,2028,2023,2033],"property_label":[],"property_country":[],"property_state":[199],"property_city":[198],"property_area":[207],"class_list":["post-1825248","property","type-property","status-publish","has-post-thumbnail","hentry","property_type-apartman-dairesi-de","property_status-kaufen-de","property_feature-krediye-uygun-de","property_feature-esyali-de","property_feature-takasa-uygun-de","property_feature-yatirima-uygun-de","property_state-erdemli","property_city-mersin","property_area-arpacbahsis-bld-merkez-mah"],"property_meta":{"_original_post_id":["50494"],"_original_post_type":["emlak"],"fave_property_price":["0"],"fave_currency":["TL"],"fave_currency_info":[""],"fave_property_size":["180"],"fave_property_location":["36.63523719520528,34.36060849218752"],"houzez_geolocation_lat":["36.63523719520528"],"houzez_geolocation_long":["34.36060849218752"],"fave_property_latitude":["36.63523719520528"],"fave_property_longitude":["34.36060849218752"],"fave_property_bedrooms":["3+1"],"fave_property_bathrooms":["1"],"fave_property_floor":["5"],"fave_featured":["0"],"houzez_featured_listing_date":[""],"_thumbnail_id":["50495"],"_wpml_word_count":["123"],"fave_agents":["1827196"],"fave_agent":["1827196"],"fave_property_agent":["1827196"],"fave_agent_display_option":["agent_info"],"b2_ilan_pasif":["1"],"houzez_total_property_views":["118"],"houzez_recently_viewed":["2026-09-03 10:58:14"],"_elementor_global_class_usage_indexed":["1"],"fave_building_age":["16-20 aras\u0131"],"fave_building_floors":["5"],"fave_property_id":["50494"],"fave_esyali":["E\u015fyal\u0131"],"vip_ilan_gecmisi":["a:1:{i:0;a:2:{s:1:\"t\";s:13:\"first_publish\";s:1:\"d\";s:19:\"2020-03-17 08:13:56\";}}"],"_elementor_page_assets":["a:0:{}"],"agent_info":{"agent_info":[{"agent_id":1827309,"agent_type":"agent_info","agent_name":"ANIL SEYMEN","agent_mobile":"+903246060296","agent_mobile_call":"+903246060296","agent_phone":"","agent_phone_call":"","agent_email":"anil@vipemlak.com","agent_whatsapp":"","agent_whatsapp_call":"","telegram":"","lineapp":"","verified":"1","link":"https:\/\/www.vipemlak.com\/de\/danisman\/anil-seymen\/","picture":"https:\/\/www.vipemlak.com\/wp-content\/uploads\/2026\/06\/photo-2026-08-03-16-07-37-780x780.jpg","linkedin":"","agent_skype":"","facebook":"","twitter":"","googleplus":"","youtube":"","instagram":"","agent_service_area":"","agent_specialties":"","agent_address":"","agent_position":"Broker \/ Inhaber","agent_company":"","agent_tax_no":""}],"agent_data":"<div class=\"agent-details\" role=\"region\"><div class=\"d-flex align-items-center gap-3\"><div class=\"agent-image\" role=\"img\"><img class=\"rounded\" src=\"https:\/\/www.vipemlak.com\/wp-content\/uploads\/2026\/06\/photo-2026-08-03-16-07-37-780x780.jpg\" alt=\"ANIL SEYMEN\" width=\"70\" height=\"70\"><span class=\"badge btn-secondary agent-verified-icon\"><i class=\"houzez-icon icon-check-circle-1\"><\/i><\/span><\/div><ul class=\"agent-information list-unstyled mb-0\" role=\"list\"><li class=\"agent-name\" role=\"listitem\"><i class=\"houzez-icon icon-single-neutral me-1\"><\/i> ANIL SEYMEN<\/li><li class=\"agent-link\" role=\"listitem\"><a href=\"https:\/\/www.vipemlak.com\/de\/danisman\/anil-seymen\/\">\u0130lanlar\u0131 G\u00f6r\u00fcnt\u00fcle<\/a><\/li><\/ul><\/div><\/div>","is_single_agent":true,"agent_type":"agent_info","agent_email":"anil@vipemlak.com","agent_name":"ANIL SEYMEN","verified":"1","linkedin":"","agent_phone":"","agent_phone_call":"","agent_mobile":"+903246060296","agent_mobile_call":"+903246060296","agent_whatsapp":"","agent_whatsapp_call":"","agent_telegram":"","agent_lineapp":"","picture":"https:\/\/www.vipemlak.com\/wp-content\/uploads\/2026\/06\/photo-2026-08-03-16-07-37-780x780.jpg","link":"https:\/\/www.vipemlak.com\/de\/danisman\/anil-seymen\/","agent_id":1827309},"additional_features":[],"floor_plans":[],"fave_multi_units":false},"yoast_head":"<!-- This site is optimized with the Yoast SEO plugin v27.5 - https:\/\/yoast.com\/product\/yoast-seo-wordpress\/ -->\n<title>Wohnung zum Verkauf am Meer in Erdemli Arpa\u00e7bah\u015fi\u015f Y\u0131ld\u0131z Steinkomplex - V\u0130PGAYR\u0130MENKUL<\/title>\n<meta name=\"robots\" content=\"index, follow, max-snippet:-1, max-image-preview:large, max-video-preview:-1\" \/>\n<link rel=\"canonical\" href=\"https:\/\/www.vipemlak.com\/de\/konut\/satilik-daireler\/erdemli-arpacbahsis-yildiz-tasi-sitesinde-denize-sifir-satilik-daire\/\" \/>\n<meta property=\"og:locale\" content=\"de_DE\" \/>\n<meta property=\"og:type\" content=\"article\" \/>\n<meta property=\"og:title\" content=\"Erdemli Arpa\u00e7bah\u015fi\u015f Y\u0131ld\u0131z Ta\u015f\u0131 Sitesinde Denize S\u0131f\u0131r Sat\u0131l\u0131k Daire - V\u0130PGAYR\u0130MENKUL\" \/>\n<meta property=\"og:description\" content=\"Wohnung zum Verkauf am Meer in Erdemli Arpa\u00e7bah\u015fi\u015f Y\u0131ld\u0131z Steinkomplex YILDIZ STONE SITE IN DER ERDEML\u0130 ARPA\u00c7BAH\u015e\u0130\u015e LAGE IST EINES DER ZONE SEA ZERO PROJEKTE DER REGION. DIE YILDIZ STONE SITE HAT OFFIZIELLEN PARKPLATZ UND WIDE LANDSCAPE. DER STRAND VON ARPA\u00c7PAH\u015e\u0130\u015e YILDIZ STONE SITE HAT KUMUL BEACH. YILDIZ STONE STANDORT UM EINEN MARKT, EINEN OFEN [&hellip;]\" \/>\n<meta property=\"og:url\" content=\"https:\/\/www.vipemlak.com\/de\/konut\/satilik-daireler\/erdemli-arpacbahsis-yildiz-tasi-sitesinde-denize-sifir-satilik-daire\/\" \/>\n<meta property=\"og:site_name\" content=\"V\u0130PGAYR\u0130MENKUL\" \/>\n<meta property=\"article:publisher\" content=\"https:\/\/www.facebook.com\/share\/jNAc3JQbyQJ9zGYL\/?mibextid=YMEMSu\" \/>\n<meta name=\"twitter:card\" content=\"summary_large_image\" \/>\n<meta name=\"twitter:label1\" content=\"Gesch\u00e4tzte Lesezeit\" \/>\n\t<meta name=\"twitter:data1\" content=\"1 minute\" \/>\n<script type=\"application\/ld+json\" class=\"yoast-schema-graph\">{\"@context\":\"https:\\\/\\\/schema.org\",\"@graph\":[{\"@type\":\"WebPage\",\"@id\":\"https:\\\/\\\/www.vipemlak.com\\\/de\\\/konut\\\/satilik-daireler\\\/erdemli-arpacbahsis-yildiz-tasi-sitesinde-denize-sifir-satilik-daire\\\/\",\"url\":\"https:\\\/\\\/www.vipemlak.com\\\/de\\\/konut\\\/satilik-daireler\\\/erdemli-arpacbahsis-yildiz-tasi-sitesinde-denize-sifir-satilik-daire\\\/\",\"name\":\"Erdemli Arpa\u00e7bah\u015fi\u015f Y\u0131ld\u0131z Ta\u015f\u0131 Sitesinde Denize S\u0131f\u0131r Sat\u0131l\u0131k Daire - V\u0130PGAYR\u0130MENKUL\",\"isPartOf\":{\"@id\":\"https:\\\/\\\/www.vipemlak.com\\\/de\\\/#website\"},\"primaryImageOfPage\":{\"@id\":\"https:\\\/\\\/www.vipemlak.com\\\/de\\\/konut\\\/satilik-daireler\\\/erdemli-arpacbahsis-yildiz-tasi-sitesinde-denize-sifir-satilik-daire\\\/#primaryimage\"},\"image\":{\"@id\":\"https:\\\/\\\/www.vipemlak.com\\\/de\\\/konut\\\/satilik-daireler\\\/erdemli-arpacbahsis-yildiz-tasi-sitesinde-denize-sifir-satilik-daire\\\/#primaryimage\"},\"thumbnailUrl\":\"https:\\\/\\\/www.vipemlak.com\\\/wp-content\\\/uploads\\\/2020\\\/03\\\/11-Erdemli-Arpac\u0327bahs\u0327is\u0327-Y\u0131ld\u0131z-Tas\u0327\u0131-sitesi-sat\u0131l\u0131k-daire-r-blok_111-scaled.jpg\",\"datePublished\":\"2020-03-17T08:13:56+00:00\",\"breadcrumb\":{\"@id\":\"https:\\\/\\\/www.vipemlak.com\\\/de\\\/konut\\\/satilik-daireler\\\/erdemli-arpacbahsis-yildiz-tasi-sitesinde-denize-sifir-satilik-daire\\\/#breadcrumb\"},\"inLanguage\":\"de-DE\",\"potentialAction\":[{\"@type\":\"ReadAction\",\"target\":[\"https:\\\/\\\/www.vipemlak.com\\\/de\\\/konut\\\/satilik-daireler\\\/erdemli-arpacbahsis-yildiz-tasi-sitesinde-denize-sifir-satilik-daire\\\/\"]}]},{\"@type\":\"ImageObject\",\"inLanguage\":\"de-DE\",\"@id\":\"https:\\\/\\\/www.vipemlak.com\\\/de\\\/konut\\\/satilik-daireler\\\/erdemli-arpacbahsis-yildiz-tasi-sitesinde-denize-sifir-satilik-daire\\\/#primaryimage\",\"url\":\"https:\\\/\\\/www.vipemlak.com\\\/wp-content\\\/uploads\\\/2020\\\/03\\\/11-Erdemli-Arpac\u0327bahs\u0327is\u0327-Y\u0131ld\u0131z-Tas\u0327\u0131-sitesi-sat\u0131l\u0131k-daire-r-blok_111-scaled.jpg\",\"contentUrl\":\"https:\\\/\\\/www.vipemlak.com\\\/wp-content\\\/uploads\\\/2020\\\/03\\\/11-Erdemli-Arpac\u0327bahs\u0327is\u0327-Y\u0131ld\u0131z-Tas\u0327\u0131-sitesi-sat\u0131l\u0131k-daire-r-blok_111-scaled.jpg\",\"width\":1920,\"height\":1280},{\"@type\":\"BreadcrumbList\",\"@id\":\"https:\\\/\\\/www.vipemlak.com\\\/de\\\/konut\\\/satilik-daireler\\\/erdemli-arpacbahsis-yildiz-tasi-sitesinde-denize-sifir-satilik-daire\\\/#breadcrumb\",\"itemListElement\":[{\"@type\":\"ListItem\",\"position\":1,\"name\":\"Ana sayfa\",\"item\":\"https:\\\/\\\/www.vipemlak.com\\\/de\\\/startseite-vip\\\/\"},{\"@type\":\"ListItem\",\"position\":2,\"name\":\"Emlak \u0130lanlar\u0131\",\"item\":\"https:\\\/\\\/www.vipemlak.com\\\/de\\\/konut\\\/\"},{\"@type\":\"ListItem\",\"position\":3,\"name\":\"Erdemli Arpa\u00e7bah\u015fi\u015f Y\u0131ld\u0131z Ta\u015f\u0131 Sitesinde Denize S\u0131f\u0131r Sat\u0131l\u0131k Daire\"}]},{\"@type\":\"WebSite\",\"@id\":\"https:\\\/\\\/www.vipemlak.com\\\/de\\\/#website\",\"url\":\"https:\\\/\\\/www.vipemlak.com\\\/de\\\/\",\"name\":\"V\u0130PGAYR\u0130MENKUL\",\"description\":\"EMLAK\",\"potentialAction\":[{\"@type\":\"SearchAction\",\"target\":{\"@type\":\"EntryPoint\",\"urlTemplate\":\"https:\\\/\\\/www.vipemlak.com\\\/de\\\/?s={search_term_string}\"},\"query-input\":{\"@type\":\"PropertyValueSpecification\",\"valueRequired\":true,\"valueName\":\"search_term_string\"}}],\"inLanguage\":\"de-DE\"}]}<\/script>\n<!-- \/ Yoast SEO plugin. -->","yoast_head_json":{"title":"Wohnung zum Verkauf am Meer in Erdemli Arpa\u00e7bah\u015fi\u015f Y\u0131ld\u0131z Steinkomplex - V\u0130PGAYR\u0130MENKUL","robots":{"index":"index","follow":"follow","max-snippet":"max-snippet:-1","max-image-preview":"max-image-preview:large","max-video-preview":"max-video-preview:-1"},"canonical":"https:\/\/www.vipemlak.com\/de\/konut\/satilik-daireler\/erdemli-arpacbahsis-yildiz-tasi-sitesinde-denize-sifir-satilik-daire\/","og_locale":"de_DE","og_type":"article","og_title":"Erdemli Arpa\u00e7bah\u015fi\u015f Y\u0131ld\u0131z Ta\u015f\u0131 Sitesinde Denize S\u0131f\u0131r Sat\u0131l\u0131k Daire - V\u0130PGAYR\u0130MENKUL","og_description":"Wohnung zum Verkauf am Meer in Erdemli Arpa\u00e7bah\u015fi\u015f Y\u0131ld\u0131z Steinkomplex YILDIZ STONE SITE IN DER ERDEML\u0130 ARPA\u00c7BAH\u015e\u0130\u015e LAGE IST EINES DER ZONE SEA ZERO PROJEKTE DER REGION. DIE YILDIZ STONE SITE HAT OFFIZIELLEN PARKPLATZ UND WIDE LANDSCAPE. DER STRAND VON ARPA\u00c7PAH\u015e\u0130\u015e YILDIZ STONE SITE HAT KUMUL BEACH. YILDIZ STONE STANDORT UM EINEN MARKT, EINEN OFEN [&hellip;]","og_url":"https:\/\/www.vipemlak.com\/de\/konut\/satilik-daireler\/erdemli-arpacbahsis-yildiz-tasi-sitesinde-denize-sifir-satilik-daire\/","og_site_name":"V\u0130PGAYR\u0130MENKUL","article_publisher":"https:\/\/www.facebook.com\/share\/jNAc3JQbyQJ9zGYL\/?mibextid=YMEMSu","twitter_card":"summary_large_image","twitter_misc":{"Gesch\u00e4tzte Lesezeit":"1 minute"},"schema":{"@context":"https:\/\/schema.org","@graph":[{"@type":"WebPage","@id":"https:\/\/www.vipemlak.com\/de\/konut\/satilik-daireler\/erdemli-arpacbahsis-yildiz-tasi-sitesinde-denize-sifir-satilik-daire\/","url":"https:\/\/www.vipemlak.com\/de\/konut\/satilik-daireler\/erdemli-arpacbahsis-yildiz-tasi-sitesinde-denize-sifir-satilik-daire\/","name":"Erdemli Arpa\u00e7bah\u015fi\u015f Y\u0131ld\u0131z Ta\u015f\u0131 Sitesinde Denize S\u0131f\u0131r Sat\u0131l\u0131k Daire - V\u0130PGAYR\u0130MENKUL","isPartOf":{"@id":"https:\/\/www.vipemlak.com\/de\/#website"},"primaryImageOfPage":{"@id":"https:\/\/www.vipemlak.com\/de\/konut\/satilik-daireler\/erdemli-arpacbahsis-yildiz-tasi-sitesinde-denize-sifir-satilik-daire\/#primaryimage"},"image":{"@id":"https:\/\/www.vipemlak.com\/de\/konut\/satilik-daireler\/erdemli-arpacbahsis-yildiz-tasi-sitesinde-denize-sifir-satilik-daire\/#primaryimage"},"thumbnailUrl":"https:\/\/www.vipemlak.com\/wp-content\/uploads\/2020\/03\/11-Erdemli-Arpac\u0327bahs\u0327is\u0327-Y\u0131ld\u0131z-Tas\u0327\u0131-sitesi-sat\u0131l\u0131k-daire-r-blok_111-scaled.jpg","datePublished":"2020-03-17T08:13:56+00:00","breadcrumb":{"@id":"https:\/\/www.vipemlak.com\/de\/konut\/satilik-daireler\/erdemli-arpacbahsis-yildiz-tasi-sitesinde-denize-sifir-satilik-daire\/#breadcrumb"},"inLanguage":"de-DE","potentialAction":[{"@type":"ReadAction","target":["https:\/\/www.vipemlak.com\/de\/konut\/satilik-daireler\/erdemli-arpacbahsis-yildiz-tasi-sitesinde-denize-sifir-satilik-daire\/"]}]},{"@type":"ImageObject","inLanguage":"de-DE","@id":"https:\/\/www.vipemlak.com\/de\/konut\/satilik-daireler\/erdemli-arpacbahsis-yildiz-tasi-sitesinde-denize-sifir-satilik-daire\/#primaryimage","url":"https:\/\/www.vipemlak.com\/wp-content\/uploads\/2020\/03\/11-Erdemli-Arpac\u0327bahs\u0327is\u0327-Y\u0131ld\u0131z-Tas\u0327\u0131-sitesi-sat\u0131l\u0131k-daire-r-blok_111-scaled.jpg","contentUrl":"https:\/\/www.vipemlak.com\/wp-content\/uploads\/2020\/03\/11-Erdemli-Arpac\u0327bahs\u0327is\u0327-Y\u0131ld\u0131z-Tas\u0327\u0131-sitesi-sat\u0131l\u0131k-daire-r-blok_111-scaled.jpg","width":1920,"height":1280},{"@type":"BreadcrumbList","@id":"https:\/\/www.vipemlak.com\/de\/konut\/satilik-daireler\/erdemli-arpacbahsis-yildiz-tasi-sitesinde-denize-sifir-satilik-daire\/#breadcrumb","itemListElement":[{"@type":"ListItem","position":1,"name":"Ana sayfa","item":"https:\/\/www.vipemlak.com\/de\/startseite-vip\/"},{"@type":"ListItem","position":2,"name":"Emlak \u0130lanlar\u0131","item":"https:\/\/www.vipemlak.com\/de\/konut\/"},{"@type":"ListItem","position":3,"name":"Erdemli Arpa\u00e7bah\u015fi\u015f Y\u0131ld\u0131z Ta\u015f\u0131 Sitesinde Denize S\u0131f\u0131r Sat\u0131l\u0131k Daire"}]},{"@type":"WebSite","@id":"https:\/\/www.vipemlak.com\/de\/#website","url":"https:\/\/www.vipemlak.com\/de\/","name":"V\u0130PGAYR\u0130MENKUL","description":"EMLAK","potentialAction":[{"@type":"SearchAction","target":{"@type":"EntryPoint","urlTemplate":"https:\/\/www.vipemlak.com\/de\/?s={search_term_string}"},"query-input":{"@type":"PropertyValueSpecification","valueRequired":true,"valueName":"search_term_string"}}],"inLanguage":"de-DE"}]}},"property_images":["https:\/\/www.vipemlak.com\/wp-content\/uploads\/2020\/03\/11-Erdemli-Arpac\u0327bahs\u0327is\u0327-Y\u0131ld\u0131z-Tas\u0327\u0131-sitesi-sat\u0131l\u0131k-daire-r-blok_111-scaled.jpg","https:\/\/www.vipemlak.com\/wp-content\/uploads\/2020\/03\/111Erdemli-Arpac\u0327bahs\u0327is\u0327-Y\u0131ld\u0131z-Tas\u0327\u0131-sitesi-sat\u0131l\u0131k-daire-r-blok_1111-scaled.jpg","https:\/\/www.vipemlak.com\/wp-content\/uploads\/2020\/03\/Erdemli-Arpac\u0327bahs\u0327is\u0327-Y\u0131ld\u0131z-Tas\u0327\u0131-sitesi-sat\u0131l\u0131k-daire-r-blok_3-scaled.jpg","https:\/\/www.vipemlak.com\/wp-content\/uploads\/2020\/03\/Erdemli-Arpac\u0327bahs\u0327is\u0327-Y\u0131ld\u0131z-Tas\u0327\u0131-sitesi-sat\u0131l\u0131k-daire-r-blok_4-scaled.jpg","https:\/\/www.vipemlak.com\/wp-content\/uploads\/2020\/03\/Erdemli-Arpac\u0327bahs\u0327is\u0327-Y\u0131ld\u0131z-Tas\u0327\u0131-sitesi-sat\u0131l\u0131k-daire-r-blok_5-scaled.jpg","https:\/\/www.vipemlak.com\/wp-content\/uploads\/2020\/03\/Erdemli-Arpac\u0327bahs\u0327is\u0327-Y\u0131ld\u0131z-Tas\u0327\u0131-sitesi-sat\u0131l\u0131k-daire-r-blok_6-scaled.jpg","https:\/\/www.vipemlak.com\/wp-content\/uploads\/2020\/03\/Erdemli-Arpac\u0327bahs\u0327is\u0327-Y\u0131ld\u0131z-Tas\u0327\u0131-sitesi-sat\u0131l\u0131k-daire-r-blok_7-scaled.jpg","https:\/\/www.vipemlak.com\/wp-content\/uploads\/2020\/03\/Erdemli-Arpac\u0327bahs\u0327is\u0327-Y\u0131ld\u0131z-Tas\u0327\u0131-sitesi-sat\u0131l\u0131k-daire-r-blok_8-scaled.jpg","https:\/\/www.vipemlak.com\/wp-content\/uploads\/2020\/03\/Erdemli-Arpac\u0327bahs\u0327is\u0327-Y\u0131ld\u0131z-Tas\u0327\u0131-sitesi-sat\u0131l\u0131k-daire-r-blok_9-scaled.jpg","https:\/\/www.vipemlak.com\/wp-content\/uploads\/2020\/03\/Erdemli-Arpac\u0327bahs\u0327is\u0327-Y\u0131ld\u0131z-Tas\u0327\u0131-sitesi-sat\u0131l\u0131k-daire-r-blok_10-scaled.jpg","https:\/\/www.vipemlak.com\/wp-content\/uploads\/2020\/03\/Erdemli-Arpac\u0327bahs\u0327is\u0327-Y\u0131ld\u0131z-Tas\u0327\u0131-sitesi-sat\u0131l\u0131k-daire-r-blok_11-scaled.jpg","https:\/\/www.vipemlak.com\/wp-content\/uploads\/2020\/03\/Erdemli-Arpac\u0327bahs\u0327is\u0327-Y\u0131ld\u0131z-Tas\u0327\u0131-sitesi-sat\u0131l\u0131k-daire-r-blok_12-scaled.jpg","https:\/\/www.vipemlak.com\/wp-content\/uploads\/2020\/03\/Erdemli-Arpac\u0327bahs\u0327is\u0327-Y\u0131ld\u0131z-Tas\u0327\u0131-sitesi-sat\u0131l\u0131k-daire-r-blok_13-scaled.jpg","https:\/\/www.vipemlak.com\/wp-content\/uploads\/2020\/03\/Erdemli-Arpac\u0327bahs\u0327is\u0327-Y\u0131ld\u0131z-Tas\u0327\u0131-sitesi-sat\u0131l\u0131k-daire-r-blok_14-scaled.jpg","https:\/\/www.vipemlak.com\/wp-content\/uploads\/2020\/03\/Erdemli-Arpac\u0327bahs\u0327is\u0327-Y\u0131ld\u0131z-Tas\u0327\u0131-sitesi-sat\u0131l\u0131k-daire-r-blok_15-scaled.jpg","https:\/\/www.vipemlak.com\/wp-content\/uploads\/2020\/03\/Erdemli-Arpac\u0327bahs\u0327is\u0327-Y\u0131ld\u0131z-Tas\u0327\u0131-sitesi-sat\u0131l\u0131k-daire-r-blok_16-scaled.jpg","https:\/\/www.vipemlak.com\/wp-content\/uploads\/2020\/03\/Erdemli-Arpac\u0327bahs\u0327is\u0327-Y\u0131ld\u0131z-Tas\u0327\u0131-sitesi-sat\u0131l\u0131k-daire-r-blok_17-scaled.jpg","https:\/\/www.vipemlak.com\/wp-content\/uploads\/2020\/03\/Erdemli-Arpac\u0327bahs\u0327is\u0327-Y\u0131ld\u0131z-Tas\u0327\u0131-sitesi-sat\u0131l\u0131k-daire-r-blok_18-scaled.jpg"],"property_images_thumb":["https:\/\/www.vipemlak.com\/wp-content\/uploads\/2020\/03\/11-Erdemli-Arpac\u0327bahs\u0327is\u0327-Y\u0131ld\u0131z-Tas\u0327\u0131-sitesi-sat\u0131l\u0131k-daire-r-blok_111-scaled-150x150.jpg","https:\/\/www.vipemlak.com\/wp-content\/uploads\/2020\/03\/111Erdemli-Arpac\u0327bahs\u0327is\u0327-Y\u0131ld\u0131z-Tas\u0327\u0131-sitesi-sat\u0131l\u0131k-daire-r-blok_1111-scaled-150x150.jpg","https:\/\/www.vipemlak.com\/wp-content\/uploads\/2020\/03\/Erdemli-Arpac\u0327bahs\u0327is\u0327-Y\u0131ld\u0131z-Tas\u0327\u0131-sitesi-sat\u0131l\u0131k-daire-r-blok_3-scaled-150x150.jpg","https:\/\/www.vipemlak.com\/wp-content\/uploads\/2020\/03\/Erdemli-Arpac\u0327bahs\u0327is\u0327-Y\u0131ld\u0131z-Tas\u0327\u0131-sitesi-sat\u0131l\u0131k-daire-r-blok_4-scaled-150x150.jpg","https:\/\/www.vipemlak.com\/wp-content\/uploads\/2020\/03\/Erdemli-Arpac\u0327bahs\u0327is\u0327-Y\u0131ld\u0131z-Tas\u0327\u0131-sitesi-sat\u0131l\u0131k-daire-r-blok_5-scaled-150x150.jpg","https:\/\/www.vipemlak.com\/wp-content\/uploads\/2020\/03\/Erdemli-Arpac\u0327bahs\u0327is\u0327-Y\u0131ld\u0131z-Tas\u0327\u0131-sitesi-sat\u0131l\u0131k-daire-r-blok_6-scaled-150x150.jpg","https:\/\/www.vipemlak.com\/wp-content\/uploads\/2020\/03\/Erdemli-Arpac\u0327bahs\u0327is\u0327-Y\u0131ld\u0131z-Tas\u0327\u0131-sitesi-sat\u0131l\u0131k-daire-r-blok_7-scaled-150x150.jpg","https:\/\/www.vipemlak.com\/wp-content\/uploads\/2020\/03\/Erdemli-Arpac\u0327bahs\u0327is\u0327-Y\u0131ld\u0131z-Tas\u0327\u0131-sitesi-sat\u0131l\u0131k-daire-r-blok_8-scaled-150x150.jpg","https:\/\/www.vipemlak.com\/wp-content\/uploads\/2020\/03\/Erdemli-Arpac\u0327bahs\u0327is\u0327-Y\u0131ld\u0131z-Tas\u0327\u0131-sitesi-sat\u0131l\u0131k-daire-r-blok_9-scaled-150x150.jpg","https:\/\/www.vipemlak.com\/wp-content\/uploads\/2020\/03\/Erdemli-Arpac\u0327bahs\u0327is\u0327-Y\u0131ld\u0131z-Tas\u0327\u0131-sitesi-sat\u0131l\u0131k-daire-r-blok_10-scaled-150x150.jpg","https:\/\/www.vipemlak.com\/wp-content\/uploads\/2020\/03\/Erdemli-Arpac\u0327bahs\u0327is\u0327-Y\u0131ld\u0131z-Tas\u0327\u0131-sitesi-sat\u0131l\u0131k-daire-r-blok_11-scaled-150x150.jpg","https:\/\/www.vipemlak.com\/wp-content\/uploads\/2020\/03\/Erdemli-Arpac\u0327bahs\u0327is\u0327-Y\u0131ld\u0131z-Tas\u0327\u0131-sitesi-sat\u0131l\u0131k-daire-r-blok_12-scaled-150x150.jpg","https:\/\/www.vipemlak.com\/wp-content\/uploads\/2020\/03\/Erdemli-Arpac\u0327bahs\u0327is\u0327-Y\u0131ld\u0131z-Tas\u0327\u0131-sitesi-sat\u0131l\u0131k-daire-r-blok_13-scaled-150x150.jpg","https:\/\/www.vipemlak.com\/wp-content\/uploads\/2020\/03\/Erdemli-Arpac\u0327bahs\u0327is\u0327-Y\u0131ld\u0131z-Tas\u0327\u0131-sitesi-sat\u0131l\u0131k-daire-r-blok_14-scaled-150x150.jpg","https:\/\/www.vipemlak.com\/wp-content\/uploads\/2020\/03\/Erdemli-Arpac\u0327bahs\u0327is\u0327-Y\u0131ld\u0131z-Tas\u0327\u0131-sitesi-sat\u0131l\u0131k-daire-r-blok_15-scaled-150x150.jpg","https:\/\/www.vipemlak.com\/wp-content\/uploads\/2020\/03\/Erdemli-Arpac\u0327bahs\u0327is\u0327-Y\u0131ld\u0131z-Tas\u0327\u0131-sitesi-sat\u0131l\u0131k-daire-r-blok_16-scaled-150x150.jpg","https:\/\/www.vipemlak.com\/wp-content\/uploads\/2020\/03\/Erdemli-Arpac\u0327bahs\u0327is\u0327-Y\u0131ld\u0131z-Tas\u0327\u0131-sitesi-sat\u0131l\u0131k-daire-r-blok_17-scaled-150x150.jpg","https:\/\/www.vipemlak.com\/wp-content\/uploads\/2020\/03\/Erdemli-Arpac\u0327bahs\u0327is\u0327-Y\u0131ld\u0131z-Tas\u0327\u0131-sitesi-sat\u0131l\u0131k-daire-r-blok_18-scaled-150x150.jpg"],"property_features":["Kreditw\u00fcrdig","M\u00f6bliert","Tausch m\u00f6glich","F\u00fcr Investoren geeignet"],"property_address":{"property_area":"Arpa\u00e7bah\u015fi\u015f Bld. (Merkez Mah.)","property_state":"Erdemli","property_city":"Mersin"},"is_fav":false,"property_type_text":["Wohnung","Wohnung","Wohnung","Wohnung","Wohnung"],"property_status_text":["Kaufen","Kaufen","Kaufen","Kaufen","Kaufen"],"property_attr":{"property_type":"Wohnung","property_status":"Kaufen"},"_links":{"self":[{"href":"https:\/\/www.vipemlak.com\/de\/wp-json\/wp\/v2\/properties\/1825248","targetHints":{"allow":["GET"]}}],"collection":[{"href":"https:\/\/www.vipemlak.com\/de\/wp-json\/wp\/v2\/properties"}],"about":[{"href":"https:\/\/www.vipemlak.com\/de\/wp-json\/wp\/v2\/types\/property"}],"author":[{"embeddable":true,"href":"https:\/\/www.vipemlak.com\/de\/wp-json\/wp\/v2\/users\/28"}],"version-history":[{"count":0,"href":"https:\/\/www.vipemlak.com\/de\/wp-json\/wp\/v2\/properties\/1825248\/revisions"}],"wp:featuredmedia":[{"embeddable":true,"href":"https:\/\/www.vipemlak.com\/de\/wp-json\/wp\/v2\/media\/50495"}],"wp:attachment":[{"href":"https:\/\/www.vipemlak.com\/de\/wp-json\/wp\/v2\/media?parent=1825248"}],"wp:term":[{"taxonomy":"property_type","embeddable":true,"href":"https:\/\/www.vipemlak.com\/de\/wp-json\/wp\/v2\/property_type?post=1825248"},{"taxonomy":"property_status","embeddable":true,"href":"https:\/\/www.vipemlak.com\/de\/wp-json\/wp\/v2\/property_status?post=1825248"},{"taxonomy":"property_feature","embeddable":true,"href":"https:\/\/www.vipemlak.com\/de\/wp-json\/wp\/v2\/property_feature?post=1825248"},{"taxonomy":"property_label","embeddable":true,"href":"https:\/\/www.vipemlak.com\/de\/wp-json\/wp\/v2\/property_label?post=1825248"},{"taxonomy":"property_country","embeddable":true,"href":"https:\/\/www.vipemlak.com\/de\/wp-json\/wp\/v2\/property_country?post=1825248"},{"taxonomy":"property_state","embeddable":true,"href":"https:\/\/www.vipemlak.com\/de\/wp-json\/wp\/v2\/property_state?post=1825248"},{"taxonomy":"property_city","embeddable":true,"href":"https:\/\/www.vipemlak.com\/de\/wp-json\/wp\/v2\/property_city?post=1825248"},{"taxonomy":"property_area","embeddable":true,"href":"https:\/\/www.vipemlak.com\/de\/wp-json\/wp\/v2\/property_area?post=1825248"}],"curies":[{"name":"wp","href":"https:\/\/api.w.org\/{rel}","templated":true}]}}