{"id":1827845,"date":"2026-06-24T15:25:28","date_gmt":"2026-06-24T12:25:28","guid":{"rendered":"https:\/\/www.vipemlak.com\/konut\/mersin-erdemli-kumkuyu-canakci-deniz-manarali-satilik-tarla\/"},"modified":"2026-07-12T21:21:08","modified_gmt":"2026-07-12T18:21:08","slug":"mersin-erdemli-kumkuyu-canakci-deniz-manarali-satilik-tarla","status":"publish","type":"property","link":"https:\/\/www.vipemlak.com\/nl\/arsa\/satilik\/mersin-erdemli-kumkuyu-canakci-deniz-manarali-satilik-tarla\/","title":{"rendered":"Grond te koop in Erdemli, Kumkuyu, \u00c7anak\u00e7\u0131, met uitzicht op zee"},"content":{"rendered":"<p>Grond te koop in Erdemli, Kumkuyu, \u00c7anak\u00e7\u0131, met uitzicht op zee<\/p>\n<p>De te koop aangeboden grond in Erdemli, Kumkuyu, \u00c7anak\u00e7\u0131, met uitzicht op zee, is circa 1500 m\u00b2 groot. Gelegen in \u00c7anak\u00e7\u0131, biedt de grond dankzij de ligging een prachtig uitzicht op zee.<\/p>\n<p>De regio \u00c7anak\u00e7\u0131 is de laatste tijd een zeer gewilde locatie geworden voor de bouw van villa's. Het glooiende terrein van \u00c7anak\u00e7\u0131 in Erdemli biedt een volledig uitzicht op zee. De regio Aya\u015f is op rotsgrond gebouwd.<\/p>\n<p>Belangrijk is dat het centrum van Erdemli de laatste tijd steeds populairder is geworden als zomer- \u00e9n winterverblijf. Daardoor is het commerci\u00eble volume aanzienlijk toegenomen. Erdemli onderscheidt zich door zijn landbouw en toerisme. Ook de commerci\u00eble sector is de laatste tijd sterk gegroeid, wat werkgelegenheid cre\u00ebert.<\/p>\n<p>Erdemli is een van de grootste districten van de provincie Mersin. Het is de laatste tijd een favoriet geworden onder zowel binnenlandse als buitenlandse investeerders.<\/p>\n<p>Ons pand, gelegen in Kumkuyu \u00c7anak\u00e7\u0131, Erdemli, ligt op 10 km van het centrum van Erdemli en op ongeveer 50 km van het centrum van Mersin. Het is een zeer gunstige locatie.<\/p>\n<p>Kortom, voor de aan- of verkoop en verhuur van onroerend goed in de wijk \u00c7anak\u00e7\u0131 in Erdemli, Mersin, kunt u contact met ons opnemen.<\/p>\n<p>Met ons deskundige team, uitgebreide investeringsportfolio en rijke klantennetwerk staat VIP Real Estate aan uw zijde, onze gewaardeerde investeerders, van de presentatie van het pand tot de overdracht van de eigendomsakte en alle volgende stappen, met onze mensgerichte bedrijfsfilosofie. Samen zetten we veilige stappen richting de toekomst.<\/p>\n<p>Verantwoordelijk vastgoedadviseur I\u015f\u0131l Seymen<\/p>\n<p>Neem contact met ons op voor onze andere aanbiedingen.<\/p>\n<p>KLIK HIER VOOR ONZE VIDEO'S<\/p>\n","protected":false},"excerpt":{"rendered":"<p>Grond te koop in Erdemli, Kumkuyu, \u00c7anak\u00e7\u0131, met uitzicht op zee De te koop aangeboden grond in Erdemli, Kumkuyu, \u00c7anak\u00e7\u0131, met uitzicht op zee, is circa 1500 m\u00b2 groot. Gelegen in \u00c7anak\u00e7\u0131, biedt de grond dankzij de ligging een prachtig uitzicht op zee. De regio \u00c7anak\u00e7\u0131 is de laatste tijd een zeer gewilde locatie geworden [&hellip;]<\/p>\n","protected":false},"author":16,"featured_media":1827846,"parent":0,"menu_order":0,"template":"","property_type":[672],"property_status":[],"property_feature":[],"property_label":[],"property_country":[],"property_state":[199],"property_city":[198],"property_area":[206],"class_list":["post-1827845","property","type-property","status-publish","has-post-thumbnail","hentry","property_type-arsa-nl","property_state-erdemli","property_city-mersin","property_area-ayas-bld-kumkuyu-mah"],"property_meta":{"_original_post_id":["1827844"],"_original_post_type":["arsa"],"fave_property_price":["7500000"],"fave_currency":["TL"],"fave_currency_info":[""],"fave_property_size":["1499"],"fave_video_url":["https:\/\/www.youtube.com\/watch?v=ufUIQzKpYY0"],"fave_featured":["0"],"_wpml_word_count":["321"],"_wpml_location_migration_done":["1"],"fave_property_location":["36.533333,34.2"],"houzez_geolocation_lat":["36.533333"],"houzez_geolocation_long":["34.2"],"fave_property_latitude":["36.533333"],"fave_property_longitude":["34.2"],"fave_property_map":["1"],"houzez_featured_listing_date":[""],"_thumbnail_id":["1827846"],"fave_property_map_address":["\u00c7e\u015fmeli, 33875 Erdemli\/Mersin, T\u00fcrkiye"],"fave_property_address":["\u00c7e\u015fmeli, 33875 Erdemli\/Mersin, T\u00fcrkiye"],"houzez_total_property_views":["178"],"houzez_recently_viewed":["2026-09-02 08:07:02"],"_elementor_global_class_usage_indexed":["1"],"fave_agents":["1827194"],"fave_agent_display_option":["agent_info"],"fave_property_id":["1827844"],"vip_ilan_gecmisi":["a:1:{i:0;a:2:{s:1:\"t\";s:13:\"first_publish\";s:1:\"d\";s:19:\"2026-06-24 15:25:28\";}}"],"_elementor_page_assets":["a:0:{}"],"agent_info":{"agent_info":[{"agent_id":1827300,"agent_type":"agent_info","agent_name":"I\u015eIL SEYMEN","agent_mobile":"+903246060295","agent_mobile_call":"+903246060295","agent_phone":"","agent_phone_call":"","agent_email":"isil@vipemlak.com","agent_whatsapp":"","agent_whatsapp_call":"","telegram":"","lineapp":"","verified":"1","link":"https:\/\/www.vipemlak.com\/nl\/danisman\/isil-seymen\/","picture":"https:\/\/www.vipemlak.com\/wp-content\/uploads\/2026\/06\/photo-2026-08-03-19-13-48-780x780.jpg","linkedin":"","agent_skype":"","facebook":"","twitter":"","googleplus":"","youtube":"","instagram":"","agent_service_area":"","agent_specialties":"","agent_address":"","agent_position":"Verantwoordelijk Makelaar","agent_company":"","agent_tax_no":""}],"agent_data":"<div class=\"agent-details\" role=\"region\"><div class=\"d-flex align-items-center gap-3\"><div class=\"agent-image\" role=\"img\"><img class=\"rounded\" src=\"https:\/\/www.vipemlak.com\/wp-content\/uploads\/2026\/06\/photo-2026-08-03-19-13-48-780x780.jpg\" alt=\"I\u015eIL SEYMEN\" width=\"70\" height=\"70\"><span class=\"badge btn-secondary agent-verified-icon\"><i class=\"houzez-icon icon-check-circle-1\"><\/i><\/span><\/div><ul class=\"agent-information list-unstyled mb-0\" role=\"list\"><li class=\"agent-name\" role=\"listitem\"><i class=\"houzez-icon icon-single-neutral me-1\"><\/i> I\u015eIL SEYMEN<\/li><li class=\"agent-link\" role=\"listitem\"><a href=\"https:\/\/www.vipemlak.com\/nl\/danisman\/isil-seymen\/\">\u0130lanlar\u0131 G\u00f6r\u00fcnt\u00fcle<\/a><\/li><\/ul><\/div><\/div>","is_single_agent":true,"agent_type":"agent_info","agent_email":"isil@vipemlak.com","agent_name":"I\u015eIL SEYMEN","verified":"1","linkedin":"","agent_phone":"","agent_phone_call":"","agent_mobile":"+903246060295","agent_mobile_call":"+903246060295","agent_whatsapp":"","agent_whatsapp_call":"","agent_telegram":"","agent_lineapp":"","picture":"https:\/\/www.vipemlak.com\/wp-content\/uploads\/2026\/06\/photo-2026-08-03-19-13-48-780x780.jpg","link":"https:\/\/www.vipemlak.com\/nl\/danisman\/isil-seymen\/","agent_id":1827300},"additional_features":[],"floor_plans":[],"fave_multi_units":false},"yoast_head":"<!-- This site is optimized with the Yoast SEO plugin v27.5 - https:\/\/yoast.com\/product\/yoast-seo-wordpress\/ -->\n<title>Grond te koop in Erdemli, Kumkuyu, \u00c7anak\u00e7\u0131, met uitzicht op zee - V\u0130PGAYR\u0130MENKUL<\/title>\n<meta name=\"robots\" content=\"index, follow, max-snippet:-1, max-image-preview:large, max-video-preview:-1\" \/>\n<link rel=\"canonical\" href=\"https:\/\/www.vipemlak.com\/nl\/arsa\/satilik\/mersin-erdemli-kumkuyu-canakci-deniz-manarali-satilik-tarla\/\" \/>\n<meta property=\"og:locale\" content=\"nl_NL\" \/>\n<meta property=\"og:type\" content=\"article\" \/>\n<meta property=\"og:title\" content=\"Mersin Erdemli Kumkuyu \u00c7anak\u00e7\u0131 Deniz Manaral\u0131 Sat\u0131l\u0131k Tarla - V\u0130PGAYR\u0130MENKUL\" \/>\n<meta property=\"og:description\" content=\"Grond te koop in Erdemli, Kumkuyu, \u00c7anak\u00e7\u0131, met uitzicht op zee De te koop aangeboden grond in Erdemli, Kumkuyu, \u00c7anak\u00e7\u0131, met uitzicht op zee, is circa 1500 m\u00b2 groot. Gelegen in \u00c7anak\u00e7\u0131, biedt de grond dankzij de ligging een prachtig uitzicht op zee. De regio \u00c7anak\u00e7\u0131 is de laatste tijd een zeer gewilde locatie geworden [&hellip;]\" \/>\n<meta property=\"og:url\" content=\"https:\/\/www.vipemlak.com\/nl\/arsa\/satilik\/mersin-erdemli-kumkuyu-canakci-deniz-manarali-satilik-tarla\/\" \/>\n<meta property=\"og:site_name\" content=\"V\u0130PGAYR\u0130MENKUL\" \/>\n<meta property=\"article:publisher\" content=\"https:\/\/www.facebook.com\/share\/jNAc3JQbyQJ9zGYL\/?mibextid=YMEMSu\" \/>\n<meta property=\"article:modified_time\" content=\"2026-07-12T18:21:08+00:00\" \/>\n<meta name=\"twitter:card\" content=\"summary_large_image\" \/>\n<meta name=\"twitter:label1\" content=\"Geschatte leestijd\" \/>\n\t<meta name=\"twitter:data1\" content=\"2 minutes\" \/>\n<script type=\"application\/ld+json\" class=\"yoast-schema-graph\">{\"@context\":\"https:\\\/\\\/schema.org\",\"@graph\":[{\"@type\":\"WebPage\",\"@id\":\"https:\\\/\\\/www.vipemlak.com\\\/nl\\\/arsa\\\/satilik\\\/mersin-erdemli-kumkuyu-canakci-deniz-manarali-satilik-tarla\\\/\",\"url\":\"https:\\\/\\\/www.vipemlak.com\\\/nl\\\/arsa\\\/satilik\\\/mersin-erdemli-kumkuyu-canakci-deniz-manarali-satilik-tarla\\\/\",\"name\":\"Mersin Erdemli Kumkuyu \u00c7anak\u00e7\u0131 Deniz Manaral\u0131 Sat\u0131l\u0131k Tarla - V\u0130PGAYR\u0130MENKUL\",\"isPartOf\":{\"@id\":\"https:\\\/\\\/www.vipemlak.com\\\/nl\\\/#website\"},\"primaryImageOfPage\":{\"@id\":\"https:\\\/\\\/www.vipemlak.com\\\/nl\\\/arsa\\\/satilik\\\/mersin-erdemli-kumkuyu-canakci-deniz-manarali-satilik-tarla\\\/#primaryimage\"},\"image\":{\"@id\":\"https:\\\/\\\/www.vipemlak.com\\\/nl\\\/arsa\\\/satilik\\\/mersin-erdemli-kumkuyu-canakci-deniz-manarali-satilik-tarla\\\/#primaryimage\"},\"thumbnailUrl\":\"https:\\\/\\\/media.vipemlak.com\\\/wp-content\\\/uploads\\\/2026\\\/06\\\/kapak-1-scaled.jpg\",\"datePublished\":\"2026-06-24T12:25:28+00:00\",\"dateModified\":\"2026-07-12T18:21:08+00:00\",\"breadcrumb\":{\"@id\":\"https:\\\/\\\/www.vipemlak.com\\\/nl\\\/arsa\\\/satilik\\\/mersin-erdemli-kumkuyu-canakci-deniz-manarali-satilik-tarla\\\/#breadcrumb\"},\"inLanguage\":\"nl-NL\",\"potentialAction\":[{\"@type\":\"ReadAction\",\"target\":[\"https:\\\/\\\/www.vipemlak.com\\\/nl\\\/arsa\\\/satilik\\\/mersin-erdemli-kumkuyu-canakci-deniz-manarali-satilik-tarla\\\/\"]}]},{\"@type\":\"ImageObject\",\"inLanguage\":\"nl-NL\",\"@id\":\"https:\\\/\\\/www.vipemlak.com\\\/nl\\\/arsa\\\/satilik\\\/mersin-erdemli-kumkuyu-canakci-deniz-manarali-satilik-tarla\\\/#primaryimage\",\"url\":\"https:\\\/\\\/media.vipemlak.com\\\/wp-content\\\/uploads\\\/2026\\\/06\\\/kapak-1-scaled.jpg\",\"contentUrl\":\"https:\\\/\\\/media.vipemlak.com\\\/wp-content\\\/uploads\\\/2026\\\/06\\\/kapak-1-scaled.jpg\",\"width\":2560,\"height\":1440},{\"@type\":\"BreadcrumbList\",\"@id\":\"https:\\\/\\\/www.vipemlak.com\\\/nl\\\/arsa\\\/satilik\\\/mersin-erdemli-kumkuyu-canakci-deniz-manarali-satilik-tarla\\\/#breadcrumb\",\"itemListElement\":[{\"@type\":\"ListItem\",\"position\":1,\"name\":\"Ana sayfa\",\"item\":\"https:\\\/\\\/www.vipemlak.com\\\/nl\\\/startpagina-vip\\\/\"},{\"@type\":\"ListItem\",\"position\":2,\"name\":\"Emlak \u0130lanlar\u0131\",\"item\":\"https:\\\/\\\/www.vipemlak.com\\\/nl\\\/konut\\\/\"},{\"@type\":\"ListItem\",\"position\":3,\"name\":\"Mersin Erdemli Kumkuyu \u00c7anak\u00e7\u0131 Deniz Manaral\u0131 Sat\u0131l\u0131k Tarla\"}]},{\"@type\":\"WebSite\",\"@id\":\"https:\\\/\\\/www.vipemlak.com\\\/nl\\\/#website\",\"url\":\"https:\\\/\\\/www.vipemlak.com\\\/nl\\\/\",\"name\":\"V\u0130PGAYR\u0130MENKUL\",\"description\":\"EMLAK\",\"potentialAction\":[{\"@type\":\"SearchAction\",\"target\":{\"@type\":\"EntryPoint\",\"urlTemplate\":\"https:\\\/\\\/www.vipemlak.com\\\/nl\\\/?s={search_term_string}\"},\"query-input\":{\"@type\":\"PropertyValueSpecification\",\"valueRequired\":true,\"valueName\":\"search_term_string\"}}],\"inLanguage\":\"nl-NL\"}]}<\/script>\n<!-- \/ Yoast SEO plugin. -->","yoast_head_json":{"title":"Grond te koop in Erdemli, Kumkuyu, \u00c7anak\u00e7\u0131, met uitzicht op zee - V\u0130PGAYR\u0130MENKUL","robots":{"index":"index","follow":"follow","max-snippet":"max-snippet:-1","max-image-preview":"max-image-preview:large","max-video-preview":"max-video-preview:-1"},"canonical":"https:\/\/www.vipemlak.com\/nl\/arsa\/satilik\/mersin-erdemli-kumkuyu-canakci-deniz-manarali-satilik-tarla\/","og_locale":"nl_NL","og_type":"article","og_title":"Mersin Erdemli Kumkuyu \u00c7anak\u00e7\u0131 Deniz Manaral\u0131 Sat\u0131l\u0131k Tarla - V\u0130PGAYR\u0130MENKUL","og_description":"Grond te koop in Erdemli, Kumkuyu, \u00c7anak\u00e7\u0131, met uitzicht op zee De te koop aangeboden grond in Erdemli, Kumkuyu, \u00c7anak\u00e7\u0131, met uitzicht op zee, is circa 1500 m\u00b2 groot. Gelegen in \u00c7anak\u00e7\u0131, biedt de grond dankzij de ligging een prachtig uitzicht op zee. De regio \u00c7anak\u00e7\u0131 is de laatste tijd een zeer gewilde locatie geworden [&hellip;]","og_url":"https:\/\/www.vipemlak.com\/nl\/arsa\/satilik\/mersin-erdemli-kumkuyu-canakci-deniz-manarali-satilik-tarla\/","og_site_name":"V\u0130PGAYR\u0130MENKUL","article_publisher":"https:\/\/www.facebook.com\/share\/jNAc3JQbyQJ9zGYL\/?mibextid=YMEMSu","article_modified_time":"2026-07-12T18:21:08+00:00","twitter_card":"summary_large_image","twitter_misc":{"Geschatte leestijd":"2 minutes"},"schema":{"@context":"https:\/\/schema.org","@graph":[{"@type":"WebPage","@id":"https:\/\/www.vipemlak.com\/nl\/arsa\/satilik\/mersin-erdemli-kumkuyu-canakci-deniz-manarali-satilik-tarla\/","url":"https:\/\/www.vipemlak.com\/nl\/arsa\/satilik\/mersin-erdemli-kumkuyu-canakci-deniz-manarali-satilik-tarla\/","name":"Mersin Erdemli Kumkuyu \u00c7anak\u00e7\u0131 Deniz Manaral\u0131 Sat\u0131l\u0131k Tarla - V\u0130PGAYR\u0130MENKUL","isPartOf":{"@id":"https:\/\/www.vipemlak.com\/nl\/#website"},"primaryImageOfPage":{"@id":"https:\/\/www.vipemlak.com\/nl\/arsa\/satilik\/mersin-erdemli-kumkuyu-canakci-deniz-manarali-satilik-tarla\/#primaryimage"},"image":{"@id":"https:\/\/www.vipemlak.com\/nl\/arsa\/satilik\/mersin-erdemli-kumkuyu-canakci-deniz-manarali-satilik-tarla\/#primaryimage"},"thumbnailUrl":"https:\/\/media.vipemlak.com\/wp-content\/uploads\/2026\/06\/kapak-1-scaled.jpg","datePublished":"2026-06-24T12:25:28+00:00","dateModified":"2026-07-12T18:21:08+00:00","breadcrumb":{"@id":"https:\/\/www.vipemlak.com\/nl\/arsa\/satilik\/mersin-erdemli-kumkuyu-canakci-deniz-manarali-satilik-tarla\/#breadcrumb"},"inLanguage":"nl-NL","potentialAction":[{"@type":"ReadAction","target":["https:\/\/www.vipemlak.com\/nl\/arsa\/satilik\/mersin-erdemli-kumkuyu-canakci-deniz-manarali-satilik-tarla\/"]}]},{"@type":"ImageObject","inLanguage":"nl-NL","@id":"https:\/\/www.vipemlak.com\/nl\/arsa\/satilik\/mersin-erdemli-kumkuyu-canakci-deniz-manarali-satilik-tarla\/#primaryimage","url":"https:\/\/media.vipemlak.com\/wp-content\/uploads\/2026\/06\/kapak-1-scaled.jpg","contentUrl":"https:\/\/media.vipemlak.com\/wp-content\/uploads\/2026\/06\/kapak-1-scaled.jpg","width":2560,"height":1440},{"@type":"BreadcrumbList","@id":"https:\/\/www.vipemlak.com\/nl\/arsa\/satilik\/mersin-erdemli-kumkuyu-canakci-deniz-manarali-satilik-tarla\/#breadcrumb","itemListElement":[{"@type":"ListItem","position":1,"name":"Ana sayfa","item":"https:\/\/www.vipemlak.com\/nl\/startpagina-vip\/"},{"@type":"ListItem","position":2,"name":"Emlak \u0130lanlar\u0131","item":"https:\/\/www.vipemlak.com\/nl\/konut\/"},{"@type":"ListItem","position":3,"name":"Mersin Erdemli Kumkuyu \u00c7anak\u00e7\u0131 Deniz Manaral\u0131 Sat\u0131l\u0131k Tarla"}]},{"@type":"WebSite","@id":"https:\/\/www.vipemlak.com\/nl\/#website","url":"https:\/\/www.vipemlak.com\/nl\/","name":"V\u0130PGAYR\u0130MENKUL","description":"EMLAK","potentialAction":[{"@type":"SearchAction","target":{"@type":"EntryPoint","urlTemplate":"https:\/\/www.vipemlak.com\/nl\/?s={search_term_string}"},"query-input":{"@type":"PropertyValueSpecification","valueRequired":true,"valueName":"search_term_string"}}],"inLanguage":"nl-NL"}]}},"property_images":["https:\/\/media.vipemlak.com\/wp-content\/uploads\/2026\/06\/dji-20260619215300-0044-d-scaled.jpg","https:\/\/media.vipemlak.com\/wp-content\/uploads\/2026\/06\/kapak-1-scaled.jpg","https:\/\/media.vipemlak.com\/wp-content\/uploads\/2026\/06\/dji-20260619214858-0037-d-scaled.jpg","https:\/\/media.vipemlak.com\/wp-content\/uploads\/2026\/06\/dji-20260619214925-0038-d-scaled.jpg","https:\/\/media.vipemlak.com\/wp-content\/uploads\/2026\/06\/dji-20260619214943-0039-d-scaled.jpg","https:\/\/media.vipemlak.com\/wp-content\/uploads\/2026\/06\/dji-20260619215020-0040-d-scaled.jpg","https:\/\/media.vipemlak.com\/wp-content\/uploads\/2026\/06\/dji-20260619215038-0041-d-scaled.jpg","https:\/\/media.vipemlak.com\/wp-content\/uploads\/2026\/06\/dji-20260619215134-0042-d-scaled.jpg","https:\/\/media.vipemlak.com\/wp-content\/uploads\/2026\/06\/dji-20260619215313-0045-d-scaled.jpg","https:\/\/media.vipemlak.com\/wp-content\/uploads\/2026\/06\/kapak-2-scaled.jpg"],"property_images_thumb":["https:\/\/media.vipemlak.com\/wp-content\/uploads\/2026\/06\/dji-20260619215300-0044-d-150x150.jpg","https:\/\/media.vipemlak.com\/wp-content\/uploads\/2026\/06\/kapak-1-150x150.jpg","https:\/\/media.vipemlak.com\/wp-content\/uploads\/2026\/06\/dji-20260619214858-0037-d-150x150.jpg","https:\/\/media.vipemlak.com\/wp-content\/uploads\/2026\/06\/dji-20260619214925-0038-d-150x150.jpg","https:\/\/media.vipemlak.com\/wp-content\/uploads\/2026\/06\/dji-20260619214943-0039-d-150x150.jpg","https:\/\/media.vipemlak.com\/wp-content\/uploads\/2026\/06\/dji-20260619215020-0040-d-150x150.jpg","https:\/\/media.vipemlak.com\/wp-content\/uploads\/2026\/06\/dji-20260619215038-0041-d-150x150.jpg","https:\/\/media.vipemlak.com\/wp-content\/uploads\/2026\/06\/dji-20260619215134-0042-d-150x150.jpg","https:\/\/media.vipemlak.com\/wp-content\/uploads\/2026\/06\/dji-20260619215313-0045-d-150x150.jpg","https:\/\/media.vipemlak.com\/wp-content\/uploads\/2026\/06\/kapak-2-150x150.jpg"],"property_features":[],"property_address":{"property_area":"Aya\u015f Bld. (Kumkuyu Mah.)","property_state":"Erdemli","property_city":"Mersin"},"is_fav":false,"property_type_text":["Grond","Grond","Grond","Grond","Grond"],"property_attr":{"property_type":"Grond"},"_links":{"self":[{"href":"https:\/\/www.vipemlak.com\/nl\/wp-json\/wp\/v2\/properties\/1827845","targetHints":{"allow":["GET"]}}],"collection":[{"href":"https:\/\/www.vipemlak.com\/nl\/wp-json\/wp\/v2\/properties"}],"about":[{"href":"https:\/\/www.vipemlak.com\/nl\/wp-json\/wp\/v2\/types\/property"}],"author":[{"embeddable":true,"href":"https:\/\/www.vipemlak.com\/nl\/wp-json\/wp\/v2\/users\/16"}],"version-history":[{"count":1,"href":"https:\/\/www.vipemlak.com\/nl\/wp-json\/wp\/v2\/properties\/1827845\/revisions"}],"predecessor-version":[{"id":1828056,"href":"https:\/\/www.vipemlak.com\/nl\/wp-json\/wp\/v2\/properties\/1827845\/revisions\/1828056"}],"wp:featuredmedia":[{"embeddable":true,"href":"https:\/\/www.vipemlak.com\/nl\/wp-json\/wp\/v2\/media\/1827846"}],"wp:attachment":[{"href":"https:\/\/www.vipemlak.com\/nl\/wp-json\/wp\/v2\/media?parent=1827845"}],"wp:term":[{"taxonomy":"property_type","embeddable":true,"href":"https:\/\/www.vipemlak.com\/nl\/wp-json\/wp\/v2\/property_type?post=1827845"},{"taxonomy":"property_status","embeddable":true,"href":"https:\/\/www.vipemlak.com\/nl\/wp-json\/wp\/v2\/property_status?post=1827845"},{"taxonomy":"property_feature","embeddable":true,"href":"https:\/\/www.vipemlak.com\/nl\/wp-json\/wp\/v2\/property_feature?post=1827845"},{"taxonomy":"property_label","embeddable":true,"href":"https:\/\/www.vipemlak.com\/nl\/wp-json\/wp\/v2\/property_label?post=1827845"},{"taxonomy":"property_country","embeddable":true,"href":"https:\/\/www.vipemlak.com\/nl\/wp-json\/wp\/v2\/property_country?post=1827845"},{"taxonomy":"property_state","embeddable":true,"href":"https:\/\/www.vipemlak.com\/nl\/wp-json\/wp\/v2\/property_state?post=1827845"},{"taxonomy":"property_city","embeddable":true,"href":"https:\/\/www.vipemlak.com\/nl\/wp-json\/wp\/v2\/property_city?post=1827845"},{"taxonomy":"property_area","embeddable":true,"href":"https:\/\/www.vipemlak.com\/nl\/wp-json\/wp\/v2\/property_area?post=1827845"}],"curies":[{"name":"wp","href":"https:\/\/api.w.org\/{rel}","templated":true}]}}